{"id":10146,"date":"2025-06-22T14:28:30","date_gmt":"2025-06-22T12:28:30","guid":{"rendered":"https:\/\/www.urbanspot.si\/product\/karl-lagerfeld-zascitni-ovitek-karls-head-iphone-12-12-pro-2\/"},"modified":"2026-03-19T16:03:01","modified_gmt":"2026-03-19T14:03:01","slug":"zastitna-futrola-karl-lagerfeld-za-iphone-12-i-12-pro-2","status":"publish","type":"product","link":"https:\/\/www.urbanspot.si\/hr\/produkt\/karl-lagerfeld-zascitni-ovitek-karls-head-iphone-12-12-pro-2\/","title":{"rendered":"Karl Lagerfeld za\u0161titna maskica Karl&#039;s Head za iPhone 12\/12 Pro"},"content":{"rendered":"<p>Za\u0161titna maskica Karl Lagerfeld komad je elegancije i sofisticiranosti u podru\u010dju za\u0161tite va\u0161eg telefona od mehani\u010dkih o\u0161te\u0107enja. Stra\u017enja plo\u010da izra\u0111ena je od visokokvalitetne organske ko\u017ee koja je ugodna na dodir i pobolj\u0161ava prianjanje telefona. Maska ima blago podignuti rub sprijeda koji \u0107e uvelike omek\u0161ati zaslon telefona kada padne na ravnu povr\u0161inu.<\/p>\n<ul>\n<li>\u0160titi od udaraca, padova, ogrebotina i prljav\u0161tine<\/li>\n<li>Otporno na udarce<\/li>\n<li>Pobolj\u0161ano prianjanje<\/li>\n<li>Ugodan osje\u0107aj u rukama<\/li>\n<li>Normalan pristup svim tipkama i funkcijama<\/li>\n<li>Izvrsna izdr\u017eljivost i trajnost<\/li>\n<li>Moderan izgled i potpuna za\u0161tita u jednom<\/li>\n<li>Kvalitetni materijali<\/li>\n<li>Moderan izgled<\/li>\n<li>Izvorni proizvod<\/li>\n<\/ul>","protected":false},"excerpt":{"rendered":"<p>Za\u0161titna maskica Karl Lagerfeld savr\u0161eno \u0107e pristajati va\u0161em mobitelu i \u0161tititi ga od udaraca. Originalna maskica \u0107e prekrasno ukrasiti va\u0161 ure\u0111aj, isti\u010du\u0107i vas iz mase. Kombinira visoku kvalitetu, jedinstveni dizajn i funkcionalnost.<\/p>","protected":false},"featured_media":10148,"comment_status":"closed","ping_status":"closed","template":"","meta":[],"product_brand":[],"product_cat":[119,92,144,142,145,146,560,91],"product_tag":[],"class_list":{"0":"post-10146","1":"product","2":"type-product","3":"status-publish","4":"has-post-thumbnail","6":"product_cat-apple-ovitki-stekla","7":"product_cat-apple","8":"product_cat-apple-iphone-12-serija","9":"product_cat-iphone-12","10":"product_cat-iphone-12-apple-iphone-12-serija","11":"product_cat-iphone-12-pro","12":"product_cat-ovitki-za-telefone","13":"product_cat-razprodaja","14":"pa_primerno-za-model-iphone-12-12-pro","15":"pa_primerno-za-proizvajalca-apple","17":"first","18":"instock","19":"sale","20":"taxable","21":"shipping-taxable","22":"purchasable","23":"product-type-simple"},"yoast_head":"<!-- This site is optimized with the Yoast SEO plugin v27.4 - https:\/\/yoast.com\/product\/yoast-seo-wordpress\/ -->\n<title>Karl Lagerfeld za\u0161\u010ditni ovitek Karl&#039;s Head, Iphone 12\/12 Pro -<\/title>\n<meta name=\"robots\" content=\"index, follow, max-snippet:-1, max-image-preview:large, max-video-preview:-1\" \/>\n<link rel=\"canonical\" href=\"https:\/\/www.urbanspot.si\/hr\/proizvod-2\/zastitna-futrola-karl-lagerfeld-za-iphone-12-i-12-pro-2\/\" \/>\n<meta property=\"og:locale\" content=\"hr_HR\" \/>\n<meta property=\"og:type\" content=\"article\" \/>\n<meta property=\"og:title\" content=\"Karl Lagerfeld za\u0161\u010ditni ovitek Karl&#039;s Head, Iphone 12\/12 Pro -\" \/>\n<meta property=\"og:description\" content=\"Karl Lagerfeld za\u0161\u010ditni ovitek se bo odli\u010dno podal va\u0161emu mobilnemu telefonu in ga hkrati za\u0161\u010ditil proti udarcem. Originalen ovitek bo \u010dudovito krasil va\u0161 aparat, zaradi katerega boste izstopali iz mno\u017eice. Zdru\u017eujejo ga visoka kakovost, edinstven dizajn ter funkcionalnost.\" \/>\n<meta property=\"og:url\" content=\"https:\/\/www.urbanspot.si\/hr\/proizvod-2\/zastitna-futrola-karl-lagerfeld-za-iphone-12-i-12-pro-2\/\" \/>\n<meta property=\"article:publisher\" content=\"https:\/\/www.facebook.com\/urbanspot.si\" \/>\n<meta property=\"article:modified_time\" content=\"2026-03-19T14:03:01+00:00\" \/>\n<meta property=\"og:image\" content=\"https:\/\/www.urbanspot.si\/wp-content\/uploads\/karl-lagerfeld-zascitni-ovitek-karls-head-iphone-12-12-pro-2.jpg\" \/>\n\t<meta property=\"og:image:width\" content=\"749\" \/>\n\t<meta property=\"og:image:height\" content=\"749\" \/>\n\t<meta property=\"og:image:type\" content=\"image\/jpeg\" \/>\n<meta name=\"twitter:card\" content=\"summary_large_image\" \/>\n<meta name=\"twitter:label1\" content=\"Procijenjeno vrijeme \u010ditanja\" \/>\n\t<meta name=\"twitter:data1\" content=\"1 minuta\" \/>\n<script type=\"application\/ld+json\" class=\"yoast-schema-graph\">{\"@context\":\"https:\\\/\\\/schema.org\",\"@graph\":[{\"@type\":\"WebPage\",\"@id\":\"https:\\\/\\\/www.urbanspot.si\\\/produkt\\\/karl-lagerfeld-zascitni-ovitek-karls-head-iphone-12-12-pro-2\\\/\",\"url\":\"https:\\\/\\\/www.urbanspot.si\\\/produkt\\\/karl-lagerfeld-zascitni-ovitek-karls-head-iphone-12-12-pro-2\\\/\",\"name\":\"Karl Lagerfeld za\u0161\u010ditni ovitek Karl's Head, Iphone 12\\\/12 Pro -\",\"isPartOf\":{\"@id\":\"https:\\\/\\\/www.urbanspot.si\\\/#website\"},\"primaryImageOfPage\":{\"@id\":\"https:\\\/\\\/www.urbanspot.si\\\/produkt\\\/karl-lagerfeld-zascitni-ovitek-karls-head-iphone-12-12-pro-2\\\/#primaryimage\"},\"image\":{\"@id\":\"https:\\\/\\\/www.urbanspot.si\\\/produkt\\\/karl-lagerfeld-zascitni-ovitek-karls-head-iphone-12-12-pro-2\\\/#primaryimage\"},\"thumbnailUrl\":\"https:\\\/\\\/www.urbanspot.si\\\/wp-content\\\/uploads\\\/karl-lagerfeld-zascitni-ovitek-karls-head-iphone-12-12-pro-2.jpg\",\"datePublished\":\"2025-06-22T12:28:30+00:00\",\"dateModified\":\"2026-03-19T14:03:01+00:00\",\"breadcrumb\":{\"@id\":\"https:\\\/\\\/www.urbanspot.si\\\/produkt\\\/karl-lagerfeld-zascitni-ovitek-karls-head-iphone-12-12-pro-2\\\/#breadcrumb\"},\"inLanguage\":\"hr\",\"potentialAction\":[{\"@type\":\"ReadAction\",\"target\":[\"https:\\\/\\\/www.urbanspot.si\\\/produkt\\\/karl-lagerfeld-zascitni-ovitek-karls-head-iphone-12-12-pro-2\\\/\"]}]},{\"@type\":\"ImageObject\",\"inLanguage\":\"hr\",\"@id\":\"https:\\\/\\\/www.urbanspot.si\\\/produkt\\\/karl-lagerfeld-zascitni-ovitek-karls-head-iphone-12-12-pro-2\\\/#primaryimage\",\"url\":\"https:\\\/\\\/www.urbanspot.si\\\/wp-content\\\/uploads\\\/karl-lagerfeld-zascitni-ovitek-karls-head-iphone-12-12-pro-2.jpg\",\"contentUrl\":\"https:\\\/\\\/www.urbanspot.si\\\/wp-content\\\/uploads\\\/karl-lagerfeld-zascitni-ovitek-karls-head-iphone-12-12-pro-2.jpg\",\"width\":749,\"height\":749,\"caption\":\"Karl Lagerfeld za\u0161\u010ditni ovitek Karl's Head\"},{\"@type\":\"BreadcrumbList\",\"@id\":\"https:\\\/\\\/www.urbanspot.si\\\/produkt\\\/karl-lagerfeld-zascitni-ovitek-karls-head-iphone-12-12-pro-2\\\/#breadcrumb\",\"itemListElement\":[{\"@type\":\"ListItem\",\"position\":1,\"name\":\"Home\",\"item\":\"https:\\\/\\\/www.urbanspot.si\\\/\"},{\"@type\":\"ListItem\",\"position\":2,\"name\":\"Shop\",\"item\":\"https:\\\/\\\/www.urbanspot.si\\\/shop\\\/\"},{\"@type\":\"ListItem\",\"position\":3,\"name\":\"Karl Lagerfeld za\u0161\u010ditni ovitek Karl&#8217;s Head, Iphone 12\\\/12 Pro\"}]},{\"@type\":\"WebSite\",\"@id\":\"https:\\\/\\\/www.urbanspot.si\\\/#website\",\"url\":\"https:\\\/\\\/www.urbanspot.si\\\/\",\"name\":\"UrbanSpot\",\"description\":\"\",\"publisher\":{\"@id\":\"https:\\\/\\\/www.urbanspot.si\\\/#organization\"},\"potentialAction\":[{\"@type\":\"SearchAction\",\"target\":{\"@type\":\"EntryPoint\",\"urlTemplate\":\"https:\\\/\\\/www.urbanspot.si\\\/?s={search_term_string}\"},\"query-input\":{\"@type\":\"PropertyValueSpecification\",\"valueRequired\":true,\"valueName\":\"search_term_string\"}}],\"inLanguage\":\"hr\"},{\"@type\":\"Organization\",\"@id\":\"https:\\\/\\\/www.urbanspot.si\\\/#organization\",\"name\":\"UrbanSpot\",\"url\":\"https:\\\/\\\/www.urbanspot.si\\\/\",\"logo\":{\"@type\":\"ImageObject\",\"inLanguage\":\"hr\",\"@id\":\"https:\\\/\\\/www.urbanspot.si\\\/#\\\/schema\\\/logo\\\/image\\\/\",\"url\":\"https:\\\/\\\/www.urbanspot.si\\\/wp-content\\\/uploads\\\/urbanspot-logo.svg\",\"contentUrl\":\"https:\\\/\\\/www.urbanspot.si\\\/wp-content\\\/uploads\\\/urbanspot-logo.svg\",\"width\":185,\"height\":40,\"caption\":\"UrbanSpot\"},\"image\":{\"@id\":\"https:\\\/\\\/www.urbanspot.si\\\/#\\\/schema\\\/logo\\\/image\\\/\"},\"sameAs\":[\"https:\\\/\\\/www.facebook.com\\\/urbanspot.si\"]}]}<\/script>\n<!-- \/ Yoast SEO plugin. -->","yoast_head_json":{"title":"Karl Lagerfeld za\u0161\u010ditni ovitek Karl's Head, Iphone 12\/12 Pro -","robots":{"index":"index","follow":"follow","max-snippet":"max-snippet:-1","max-image-preview":"max-image-preview:large","max-video-preview":"max-video-preview:-1"},"canonical":"https:\/\/www.urbanspot.si\/hr\/proizvod-2\/zastitna-futrola-karl-lagerfeld-za-iphone-12-i-12-pro-2\/","og_locale":"hr_HR","og_type":"article","og_title":"Karl Lagerfeld za\u0161\u010ditni ovitek Karl's Head, Iphone 12\/12 Pro -","og_description":"Karl Lagerfeld za\u0161\u010ditni ovitek se bo odli\u010dno podal va\u0161emu mobilnemu telefonu in ga hkrati za\u0161\u010ditil proti udarcem. Originalen ovitek bo \u010dudovito krasil va\u0161 aparat, zaradi katerega boste izstopali iz mno\u017eice. Zdru\u017eujejo ga visoka kakovost, edinstven dizajn ter funkcionalnost.","og_url":"https:\/\/www.urbanspot.si\/hr\/proizvod-2\/zastitna-futrola-karl-lagerfeld-za-iphone-12-i-12-pro-2\/","article_publisher":"https:\/\/www.facebook.com\/urbanspot.si","article_modified_time":"2026-03-19T14:03:01+00:00","og_image":[{"width":749,"height":749,"url":"https:\/\/www.urbanspot.si\/wp-content\/uploads\/karl-lagerfeld-zascitni-ovitek-karls-head-iphone-12-12-pro-2.jpg","type":"image\/jpeg"}],"twitter_card":"summary_large_image","twitter_misc":{"Procijenjeno vrijeme \u010ditanja":"1 minuta"},"schema":{"@context":"https:\/\/schema.org","@graph":[{"@type":"WebPage","@id":"https:\/\/www.urbanspot.si\/produkt\/karl-lagerfeld-zascitni-ovitek-karls-head-iphone-12-12-pro-2\/","url":"https:\/\/www.urbanspot.si\/produkt\/karl-lagerfeld-zascitni-ovitek-karls-head-iphone-12-12-pro-2\/","name":"Karl Lagerfeld za\u0161\u010ditni ovitek Karl's Head, Iphone 12\/12 Pro -","isPartOf":{"@id":"https:\/\/www.urbanspot.si\/#website"},"primaryImageOfPage":{"@id":"https:\/\/www.urbanspot.si\/produkt\/karl-lagerfeld-zascitni-ovitek-karls-head-iphone-12-12-pro-2\/#primaryimage"},"image":{"@id":"https:\/\/www.urbanspot.si\/produkt\/karl-lagerfeld-zascitni-ovitek-karls-head-iphone-12-12-pro-2\/#primaryimage"},"thumbnailUrl":"https:\/\/www.urbanspot.si\/wp-content\/uploads\/karl-lagerfeld-zascitni-ovitek-karls-head-iphone-12-12-pro-2.jpg","datePublished":"2025-06-22T12:28:30+00:00","dateModified":"2026-03-19T14:03:01+00:00","breadcrumb":{"@id":"https:\/\/www.urbanspot.si\/produkt\/karl-lagerfeld-zascitni-ovitek-karls-head-iphone-12-12-pro-2\/#breadcrumb"},"inLanguage":"hr","potentialAction":[{"@type":"ReadAction","target":["https:\/\/www.urbanspot.si\/produkt\/karl-lagerfeld-zascitni-ovitek-karls-head-iphone-12-12-pro-2\/"]}]},{"@type":"ImageObject","inLanguage":"hr","@id":"https:\/\/www.urbanspot.si\/produkt\/karl-lagerfeld-zascitni-ovitek-karls-head-iphone-12-12-pro-2\/#primaryimage","url":"https:\/\/www.urbanspot.si\/wp-content\/uploads\/karl-lagerfeld-zascitni-ovitek-karls-head-iphone-12-12-pro-2.jpg","contentUrl":"https:\/\/www.urbanspot.si\/wp-content\/uploads\/karl-lagerfeld-zascitni-ovitek-karls-head-iphone-12-12-pro-2.jpg","width":749,"height":749,"caption":"Karl Lagerfeld za\u0161\u010ditni ovitek Karl's Head"},{"@type":"BreadcrumbList","@id":"https:\/\/www.urbanspot.si\/produkt\/karl-lagerfeld-zascitni-ovitek-karls-head-iphone-12-12-pro-2\/#breadcrumb","itemListElement":[{"@type":"ListItem","position":1,"name":"Home","item":"https:\/\/www.urbanspot.si\/"},{"@type":"ListItem","position":2,"name":"Shop","item":"https:\/\/www.urbanspot.si\/shop\/"},{"@type":"ListItem","position":3,"name":"Karl Lagerfeld za\u0161\u010ditni ovitek Karl&#8217;s Head, Iphone 12\/12 Pro"}]},{"@type":"WebSite","@id":"https:\/\/www.urbanspot.si\/#website","url":"https:\/\/www.urbanspot.si\/","name":"UrbanSpot","description":"","publisher":{"@id":"https:\/\/www.urbanspot.si\/#organization"},"potentialAction":[{"@type":"SearchAction","target":{"@type":"EntryPoint","urlTemplate":"https:\/\/www.urbanspot.si\/?s={search_term_string}"},"query-input":{"@type":"PropertyValueSpecification","valueRequired":true,"valueName":"search_term_string"}}],"inLanguage":"hr"},{"@type":"Organization","@id":"https:\/\/www.urbanspot.si\/#organization","name":"UrbanSpot","url":"https:\/\/www.urbanspot.si\/","logo":{"@type":"ImageObject","inLanguage":"hr","@id":"https:\/\/www.urbanspot.si\/#\/schema\/logo\/image\/","url":"https:\/\/www.urbanspot.si\/wp-content\/uploads\/urbanspot-logo.svg","contentUrl":"https:\/\/www.urbanspot.si\/wp-content\/uploads\/urbanspot-logo.svg","width":185,"height":40,"caption":"UrbanSpot"},"image":{"@id":"https:\/\/www.urbanspot.si\/#\/schema\/logo\/image\/"},"sameAs":["https:\/\/www.facebook.com\/urbanspot.si"]}]}},"_links":{"self":[{"href":"https:\/\/www.urbanspot.si\/hr\/wp-json\/wp\/v2\/product\/10146","targetHints":{"allow":["GET"]}}],"collection":[{"href":"https:\/\/www.urbanspot.si\/hr\/wp-json\/wp\/v2\/product"}],"about":[{"href":"https:\/\/www.urbanspot.si\/hr\/wp-json\/wp\/v2\/types\/product"}],"replies":[{"embeddable":true,"href":"https:\/\/www.urbanspot.si\/hr\/wp-json\/wp\/v2\/comments?post=10146"}],"version-history":[{"count":2,"href":"https:\/\/www.urbanspot.si\/hr\/wp-json\/wp\/v2\/product\/10146\/revisions"}],"predecessor-version":[{"id":26958,"href":"https:\/\/www.urbanspot.si\/hr\/wp-json\/wp\/v2\/product\/10146\/revisions\/26958"}],"wp:featuredmedia":[{"embeddable":true,"href":"https:\/\/www.urbanspot.si\/hr\/wp-json\/wp\/v2\/media\/10148"}],"wp:attachment":[{"href":"https:\/\/www.urbanspot.si\/hr\/wp-json\/wp\/v2\/media?parent=10146"}],"wp:term":[{"taxonomy":"product_brand","embeddable":true,"href":"https:\/\/www.urbanspot.si\/hr\/wp-json\/wp\/v2\/product_brand?post=10146"},{"taxonomy":"product_cat","embeddable":true,"href":"https:\/\/www.urbanspot.si\/hr\/wp-json\/wp\/v2\/product_cat?post=10146"},{"taxonomy":"product_tag","embeddable":true,"href":"https:\/\/www.urbanspot.si\/hr\/wp-json\/wp\/v2\/product_tag?post=10146"}],"curies":[{"name":"radni list","href":"https:\/\/api.w.org\/{rel}","templated":true}]}}