{"id":12766,"date":"2024-05-22T14:34:57","date_gmt":"2024-05-22T13:34:57","guid":{"rendered":"https:\/\/www.urbanspot.si\/product\/karl-lagerfeld-zascitni-ovitek-color-stripes-strap-iphone-14-pro-max\/"},"modified":"2026-03-19T16:05:19","modified_gmt":"2026-03-19T14:05:19","slug":"karl-lagerfeld-zastitna-futrola-s-trakom-u-bojnim-prugama-za-iphone-14-pro-max","status":"publish","type":"product","link":"https:\/\/www.urbanspot.si\/hr\/produkt\/karl-lagerfeld-zascitni-ovitek-color-stripes-strap-iphone-14-pro-max\/","title":{"rendered":"Za\u0161titna futrola Karl Lagerfeld s prugama u boji, za iPhone 14 Pro Max"},"content":{"rendered":"<p>Jedinstvena kolekcija dodataka za mobilne ure\u0111aje, koju je dizajnirao sam Karl Lagerfeld. Modna ikona i svjetski poznati dizajner, umjetnik i fotograf, umjetni\u010dki direktor modne ku\u0107e Chanel. Njegova djela su poznata i cijenjena diljem svijeta, a njegov imid\u017e se poistovje\u0107uje s najvi\u0161om klasom, profinjeno\u0161\u0107u i luksuzom. Kombinira sve atribute neosporne zvijezde u svom podru\u010dju, originalne i ekskluzivne dodatke koji brinu ne samo o sigurnosti, ve\u0107 prije svega o izgledu mobilnih ure\u0111aja.<\/p>\n<ul>\n<li>Moderan dizajn i za\u0161tita<\/li>\n<li>Potpuna za\u0161tita telefona<\/li>\n<li>Udoban hvat<\/li>\n<li>Izvorni proizvod<\/li>\n<li>Kvalitetni materijali<\/li>\n<li>Otporno na udarce<\/li>\n<li>\u0160titi od udaraca, padova, ogrebotina i prljav\u0161tine<\/li>\n<li>Torbica s prakti\u010dnim remenom koja se mo\u017ee koristiti i kao ru\u010dna torbica.<\/li>\n<\/ul>","protected":false},"excerpt":{"rendered":"<p>Za\u0161titna maskica Karl Lagerfeld definitivno \u0107e biti odli\u010dan dodatak va\u0161em ure\u0111aju. Donosi moderan dodir i ima ikoni\u010dan izgled na pole\u0111ini te remen kao modni dodatak. Jedinstven primjer stila i kvalitete Karla Lagerfelda je serija maskica za telefone koje je potpisao.<\/p>","protected":false},"featured_media":12768,"comment_status":"closed","ping_status":"closed","template":"","meta":[],"product_brand":[],"product_cat":[92,251,417,560,91],"product_tag":[],"class_list":{"0":"post-12766","1":"product","2":"type-product","3":"status-publish","4":"has-post-thumbnail","6":"product_cat-apple","7":"product_cat-apple-iphone-14-serija","8":"product_cat-iphone-14-pro-max","9":"product_cat-ovitki-za-telefone","10":"product_cat-razprodaja","11":"pa_primerno-za-model-iphone-14-pro-max","12":"pa_primerno-za-proizvajalca-apple","14":"first","15":"instock","16":"sale","17":"taxable","18":"shipping-taxable","19":"purchasable","20":"product-type-simple"},"yoast_head":"<!-- This site is optimized with the Yoast SEO plugin v27.4 - https:\/\/yoast.com\/product\/yoast-seo-wordpress\/ -->\n<title>Karl Lagerfeld za\u0161\u010ditni ovitek Color Stripes Strap, Iphone 14 Pro Max -<\/title>\n<meta name=\"robots\" content=\"index, follow, max-snippet:-1, max-image-preview:large, max-video-preview:-1\" \/>\n<link rel=\"canonical\" href=\"https:\/\/www.urbanspot.si\/hr\/proizvod-2\/karl-lagerfeld-zastitna-futrola-s-trakom-u-bojnim-prugama-za-iphone-14-pro-max\/\" \/>\n<meta property=\"og:locale\" content=\"hr_HR\" \/>\n<meta property=\"og:type\" content=\"article\" \/>\n<meta property=\"og:title\" content=\"Karl Lagerfeld za\u0161\u010ditni ovitek Color Stripes Strap, Iphone 14 Pro Max -\" \/>\n<meta property=\"og:description\" content=\"Karl Lagerfeld za\u0161\u010ditni ovitek bo vsekakor odli\u010dno popestril va\u0161o napravo. Prina\u0161a sodoben pridih in ima na hrbtni strani ikoni\u010dni izgled ter pas kot modni dodatek. Edinstven primer stila in kakovosti Karla Lagerfelda je serija etuijev za telefon, ki jih je podpisal.\" \/>\n<meta property=\"og:url\" content=\"https:\/\/www.urbanspot.si\/hr\/proizvod-2\/karl-lagerfeld-zastitna-futrola-s-trakom-u-bojnim-prugama-za-iphone-14-pro-max\/\" \/>\n<meta property=\"article:publisher\" content=\"https:\/\/www.facebook.com\/urbanspot.si\" \/>\n<meta property=\"article:modified_time\" content=\"2026-03-19T14:05:19+00:00\" \/>\n<meta property=\"og:image\" content=\"https:\/\/www.urbanspot.si\/wp-content\/uploads\/karl-lagerfeld-zascitni-ovitek-color-stripes-strap-iphone-14-pro-max.jpg\" \/>\n\t<meta property=\"og:image:width\" content=\"600\" \/>\n\t<meta property=\"og:image:height\" content=\"600\" \/>\n\t<meta property=\"og:image:type\" content=\"image\/jpeg\" \/>\n<meta name=\"twitter:card\" content=\"summary_large_image\" \/>\n<meta name=\"twitter:label1\" content=\"Procijenjeno vrijeme \u010ditanja\" \/>\n\t<meta name=\"twitter:data1\" content=\"1 minuta\" \/>\n<script type=\"application\/ld+json\" class=\"yoast-schema-graph\">{\"@context\":\"https:\\\/\\\/schema.org\",\"@graph\":[{\"@type\":\"WebPage\",\"@id\":\"https:\\\/\\\/www.urbanspot.si\\\/produkt\\\/karl-lagerfeld-zascitni-ovitek-color-stripes-strap-iphone-14-pro-max\\\/\",\"url\":\"https:\\\/\\\/www.urbanspot.si\\\/produkt\\\/karl-lagerfeld-zascitni-ovitek-color-stripes-strap-iphone-14-pro-max\\\/\",\"name\":\"Karl Lagerfeld za\u0161\u010ditni ovitek Color Stripes Strap, Iphone 14 Pro Max -\",\"isPartOf\":{\"@id\":\"https:\\\/\\\/www.urbanspot.si\\\/#website\"},\"primaryImageOfPage\":{\"@id\":\"https:\\\/\\\/www.urbanspot.si\\\/produkt\\\/karl-lagerfeld-zascitni-ovitek-color-stripes-strap-iphone-14-pro-max\\\/#primaryimage\"},\"image\":{\"@id\":\"https:\\\/\\\/www.urbanspot.si\\\/produkt\\\/karl-lagerfeld-zascitni-ovitek-color-stripes-strap-iphone-14-pro-max\\\/#primaryimage\"},\"thumbnailUrl\":\"https:\\\/\\\/www.urbanspot.si\\\/wp-content\\\/uploads\\\/karl-lagerfeld-zascitni-ovitek-color-stripes-strap-iphone-14-pro-max.jpg\",\"datePublished\":\"2024-05-22T13:34:57+00:00\",\"dateModified\":\"2026-03-19T14:05:19+00:00\",\"breadcrumb\":{\"@id\":\"https:\\\/\\\/www.urbanspot.si\\\/produkt\\\/karl-lagerfeld-zascitni-ovitek-color-stripes-strap-iphone-14-pro-max\\\/#breadcrumb\"},\"inLanguage\":\"hr\",\"potentialAction\":[{\"@type\":\"ReadAction\",\"target\":[\"https:\\\/\\\/www.urbanspot.si\\\/produkt\\\/karl-lagerfeld-zascitni-ovitek-color-stripes-strap-iphone-14-pro-max\\\/\"]}]},{\"@type\":\"ImageObject\",\"inLanguage\":\"hr\",\"@id\":\"https:\\\/\\\/www.urbanspot.si\\\/produkt\\\/karl-lagerfeld-zascitni-ovitek-color-stripes-strap-iphone-14-pro-max\\\/#primaryimage\",\"url\":\"https:\\\/\\\/www.urbanspot.si\\\/wp-content\\\/uploads\\\/karl-lagerfeld-zascitni-ovitek-color-stripes-strap-iphone-14-pro-max.jpg\",\"contentUrl\":\"https:\\\/\\\/www.urbanspot.si\\\/wp-content\\\/uploads\\\/karl-lagerfeld-zascitni-ovitek-color-stripes-strap-iphone-14-pro-max.jpg\",\"width\":600,\"height\":600,\"caption\":\"Karl Lagerfeld za\u0161\u010ditni ovitek Color Stripes Strap\"},{\"@type\":\"BreadcrumbList\",\"@id\":\"https:\\\/\\\/www.urbanspot.si\\\/produkt\\\/karl-lagerfeld-zascitni-ovitek-color-stripes-strap-iphone-14-pro-max\\\/#breadcrumb\",\"itemListElement\":[{\"@type\":\"ListItem\",\"position\":1,\"name\":\"Home\",\"item\":\"https:\\\/\\\/www.urbanspot.si\\\/\"},{\"@type\":\"ListItem\",\"position\":2,\"name\":\"Shop\",\"item\":\"https:\\\/\\\/www.urbanspot.si\\\/shop\\\/\"},{\"@type\":\"ListItem\",\"position\":3,\"name\":\"Karl Lagerfeld za\u0161\u010ditni ovitek Color Stripes Strap, Iphone 14 Pro Max\"}]},{\"@type\":\"WebSite\",\"@id\":\"https:\\\/\\\/www.urbanspot.si\\\/#website\",\"url\":\"https:\\\/\\\/www.urbanspot.si\\\/\",\"name\":\"UrbanSpot\",\"description\":\"\",\"publisher\":{\"@id\":\"https:\\\/\\\/www.urbanspot.si\\\/#organization\"},\"potentialAction\":[{\"@type\":\"SearchAction\",\"target\":{\"@type\":\"EntryPoint\",\"urlTemplate\":\"https:\\\/\\\/www.urbanspot.si\\\/?s={search_term_string}\"},\"query-input\":{\"@type\":\"PropertyValueSpecification\",\"valueRequired\":true,\"valueName\":\"search_term_string\"}}],\"inLanguage\":\"hr\"},{\"@type\":\"Organization\",\"@id\":\"https:\\\/\\\/www.urbanspot.si\\\/#organization\",\"name\":\"UrbanSpot\",\"url\":\"https:\\\/\\\/www.urbanspot.si\\\/\",\"logo\":{\"@type\":\"ImageObject\",\"inLanguage\":\"hr\",\"@id\":\"https:\\\/\\\/www.urbanspot.si\\\/#\\\/schema\\\/logo\\\/image\\\/\",\"url\":\"https:\\\/\\\/www.urbanspot.si\\\/wp-content\\\/uploads\\\/urbanspot-logo.svg\",\"contentUrl\":\"https:\\\/\\\/www.urbanspot.si\\\/wp-content\\\/uploads\\\/urbanspot-logo.svg\",\"width\":185,\"height\":40,\"caption\":\"UrbanSpot\"},\"image\":{\"@id\":\"https:\\\/\\\/www.urbanspot.si\\\/#\\\/schema\\\/logo\\\/image\\\/\"},\"sameAs\":[\"https:\\\/\\\/www.facebook.com\\\/urbanspot.si\"]}]}<\/script>\n<!-- \/ Yoast SEO plugin. -->","yoast_head_json":{"title":"Karl Lagerfeld za\u0161titna futrola Color Stripes Strap, iPhone 14 Pro Max -","robots":{"index":"index","follow":"follow","max-snippet":"max-snippet:-1","max-image-preview":"max-image-preview:large","max-video-preview":"max-video-preview:-1"},"canonical":"https:\/\/www.urbanspot.si\/hr\/proizvod-2\/karl-lagerfeld-zastitna-futrola-s-trakom-u-bojnim-prugama-za-iphone-14-pro-max\/","og_locale":"hr_HR","og_type":"article","og_title":"Karl Lagerfeld za\u0161\u010ditni ovitek Color Stripes Strap, Iphone 14 Pro Max -","og_description":"Karl Lagerfeld za\u0161\u010ditni ovitek bo vsekakor odli\u010dno popestril va\u0161o napravo. Prina\u0161a sodoben pridih in ima na hrbtni strani ikoni\u010dni izgled ter pas kot modni dodatek. Edinstven primer stila in kakovosti Karla Lagerfelda je serija etuijev za telefon, ki jih je podpisal.","og_url":"https:\/\/www.urbanspot.si\/hr\/proizvod-2\/karl-lagerfeld-zastitna-futrola-s-trakom-u-bojnim-prugama-za-iphone-14-pro-max\/","article_publisher":"https:\/\/www.facebook.com\/urbanspot.si","article_modified_time":"2026-03-19T14:05:19+00:00","og_image":[{"width":600,"height":600,"url":"https:\/\/www.urbanspot.si\/wp-content\/uploads\/karl-lagerfeld-zascitni-ovitek-color-stripes-strap-iphone-14-pro-max.jpg","type":"image\/jpeg"}],"twitter_card":"summary_large_image","twitter_misc":{"Procijenjeno vrijeme \u010ditanja":"1 minuta"},"schema":{"@context":"https:\/\/schema.org","@graph":[{"@type":"WebPage","@id":"https:\/\/www.urbanspot.si\/produkt\/karl-lagerfeld-zascitni-ovitek-color-stripes-strap-iphone-14-pro-max\/","url":"https:\/\/www.urbanspot.si\/produkt\/karl-lagerfeld-zascitni-ovitek-color-stripes-strap-iphone-14-pro-max\/","name":"Karl Lagerfeld za\u0161titna futrola Color Stripes Strap, iPhone 14 Pro Max -","isPartOf":{"@id":"https:\/\/www.urbanspot.si\/#website"},"primaryImageOfPage":{"@id":"https:\/\/www.urbanspot.si\/produkt\/karl-lagerfeld-zascitni-ovitek-color-stripes-strap-iphone-14-pro-max\/#primaryimage"},"image":{"@id":"https:\/\/www.urbanspot.si\/produkt\/karl-lagerfeld-zascitni-ovitek-color-stripes-strap-iphone-14-pro-max\/#primaryimage"},"thumbnailUrl":"https:\/\/www.urbanspot.si\/wp-content\/uploads\/karl-lagerfeld-zascitni-ovitek-color-stripes-strap-iphone-14-pro-max.jpg","datePublished":"2024-05-22T13:34:57+00:00","dateModified":"2026-03-19T14:05:19+00:00","breadcrumb":{"@id":"https:\/\/www.urbanspot.si\/produkt\/karl-lagerfeld-zascitni-ovitek-color-stripes-strap-iphone-14-pro-max\/#breadcrumb"},"inLanguage":"hr","potentialAction":[{"@type":"ReadAction","target":["https:\/\/www.urbanspot.si\/produkt\/karl-lagerfeld-zascitni-ovitek-color-stripes-strap-iphone-14-pro-max\/"]}]},{"@type":"ImageObject","inLanguage":"hr","@id":"https:\/\/www.urbanspot.si\/produkt\/karl-lagerfeld-zascitni-ovitek-color-stripes-strap-iphone-14-pro-max\/#primaryimage","url":"https:\/\/www.urbanspot.si\/wp-content\/uploads\/karl-lagerfeld-zascitni-ovitek-color-stripes-strap-iphone-14-pro-max.jpg","contentUrl":"https:\/\/www.urbanspot.si\/wp-content\/uploads\/karl-lagerfeld-zascitni-ovitek-color-stripes-strap-iphone-14-pro-max.jpg","width":600,"height":600,"caption":"Karl Lagerfeld za\u0161\u010ditni ovitek Color Stripes Strap"},{"@type":"BreadcrumbList","@id":"https:\/\/www.urbanspot.si\/produkt\/karl-lagerfeld-zascitni-ovitek-color-stripes-strap-iphone-14-pro-max\/#breadcrumb","itemListElement":[{"@type":"ListItem","position":1,"name":"Home","item":"https:\/\/www.urbanspot.si\/"},{"@type":"ListItem","position":2,"name":"Shop","item":"https:\/\/www.urbanspot.si\/shop\/"},{"@type":"ListItem","position":3,"name":"Karl Lagerfeld za\u0161\u010ditni ovitek Color Stripes Strap, Iphone 14 Pro Max"}]},{"@type":"WebSite","@id":"https:\/\/www.urbanspot.si\/#website","url":"https:\/\/www.urbanspot.si\/","name":"UrbanSpot","description":"","publisher":{"@id":"https:\/\/www.urbanspot.si\/#organization"},"potentialAction":[{"@type":"SearchAction","target":{"@type":"EntryPoint","urlTemplate":"https:\/\/www.urbanspot.si\/?s={search_term_string}"},"query-input":{"@type":"PropertyValueSpecification","valueRequired":true,"valueName":"search_term_string"}}],"inLanguage":"hr"},{"@type":"Organization","@id":"https:\/\/www.urbanspot.si\/#organization","name":"UrbanSpot","url":"https:\/\/www.urbanspot.si\/","logo":{"@type":"ImageObject","inLanguage":"hr","@id":"https:\/\/www.urbanspot.si\/#\/schema\/logo\/image\/","url":"https:\/\/www.urbanspot.si\/wp-content\/uploads\/urbanspot-logo.svg","contentUrl":"https:\/\/www.urbanspot.si\/wp-content\/uploads\/urbanspot-logo.svg","width":185,"height":40,"caption":"UrbanSpot"},"image":{"@id":"https:\/\/www.urbanspot.si\/#\/schema\/logo\/image\/"},"sameAs":["https:\/\/www.facebook.com\/urbanspot.si"]}]}},"_links":{"self":[{"href":"https:\/\/www.urbanspot.si\/hr\/wp-json\/wp\/v2\/product\/12766","targetHints":{"allow":["GET"]}}],"collection":[{"href":"https:\/\/www.urbanspot.si\/hr\/wp-json\/wp\/v2\/product"}],"about":[{"href":"https:\/\/www.urbanspot.si\/hr\/wp-json\/wp\/v2\/types\/product"}],"replies":[{"embeddable":true,"href":"https:\/\/www.urbanspot.si\/hr\/wp-json\/wp\/v2\/comments?post=12766"}],"version-history":[{"count":2,"href":"https:\/\/www.urbanspot.si\/hr\/wp-json\/wp\/v2\/product\/12766\/revisions"}],"predecessor-version":[{"id":18683,"href":"https:\/\/www.urbanspot.si\/hr\/wp-json\/wp\/v2\/product\/12766\/revisions\/18683"}],"wp:featuredmedia":[{"embeddable":true,"href":"https:\/\/www.urbanspot.si\/hr\/wp-json\/wp\/v2\/media\/12768"}],"wp:attachment":[{"href":"https:\/\/www.urbanspot.si\/hr\/wp-json\/wp\/v2\/media?parent=12766"}],"wp:term":[{"taxonomy":"product_brand","embeddable":true,"href":"https:\/\/www.urbanspot.si\/hr\/wp-json\/wp\/v2\/product_brand?post=12766"},{"taxonomy":"product_cat","embeddable":true,"href":"https:\/\/www.urbanspot.si\/hr\/wp-json\/wp\/v2\/product_cat?post=12766"},{"taxonomy":"product_tag","embeddable":true,"href":"https:\/\/www.urbanspot.si\/hr\/wp-json\/wp\/v2\/product_tag?post=12766"}],"curies":[{"name":"radni list","href":"https:\/\/api.w.org\/{rel}","templated":true}]}}